{"id":13585,"date":"2025-04-29T13:25:34","date_gmt":"2025-04-29T11:25:34","guid":{"rendered":"https:\/\/www.branas.se\/?page_id=13585"},"modified":"2025-06-03T10:31:28","modified_gmt":"2025-06-03T08:31:28","slug":"cykeluthyrning-verkstad","status":"publish","type":"page","link":"https:\/\/www.branas.se\/da\/sommar\/cykel\/cykeluthyrning-verkstad\/","title":{"rendered":"Cykeludlejning og v\u00e6rksted"},"content":{"rendered":"<div class=\"ingress\">Lej dit udstyr hos os! Vores cykeludlejning inkluderer cykler til b\u00f8rn, unge og voksne, beskyttelse og andet udstyr til en dag p\u00e5 cykelstierne. Alle bookinger foretages nemt online, s\u00e5 du er klar til at tage afsted med det samme, n\u00e5r du ankommer. Vores v\u00e6rksted er ogs\u00e5 placeret her, hvis noget skal justeres!<\/div>","protected":false},"excerpt":{"rendered":"<p>Lej dit udstyr hos os! Vores cykeludlejning inkluderer cykler til b\u00f8rn, unge og voksne, beskyttelse og andet udstyr til en dag p\u00e5 cykelstierne. Alle bookinger foretages nemt online, s\u00e5 du er klar til at tage afsted med det samme, n\u00e5r du ankommer. Vores v\u00e6rksted er ogs\u00e5 placeret her, hvis noget skal justeres!<\/p>","protected":false},"author":14,"featured_media":0,"parent":6574,"menu_order":0,"comment_status":"closed","ping_status":"closed","template":"","meta":{"_acf_changed":false,"footnotes":""},"class_list":["post-13585","page","type-page","status-publish","hentry"],"acf":[],"_links":{"self":[{"href":"https:\/\/www.branas.se\/da\/wp-json\/wp\/v2\/pages\/13585"}],"collection":[{"href":"https:\/\/www.branas.se\/da\/wp-json\/wp\/v2\/pages"}],"about":[{"href":"https:\/\/www.branas.se\/da\/wp-json\/wp\/v2\/types\/page"}],"author":[{"embeddable":true,"href":"https:\/\/www.branas.se\/da\/wp-json\/wp\/v2\/users\/14"}],"replies":[{"embeddable":true,"href":"https:\/\/www.branas.se\/da\/wp-json\/wp\/v2\/comments?post=13585"}],"version-history":[{"count":33,"href":"https:\/\/www.branas.se\/da\/wp-json\/wp\/v2\/pages\/13585\/revisions"}],"predecessor-version":[{"id":13938,"href":"https:\/\/www.branas.se\/da\/wp-json\/wp\/v2\/pages\/13585\/revisions\/13938"}],"up":[{"embeddable":true,"href":"https:\/\/www.branas.se\/da\/wp-json\/wp\/v2\/pages\/6574"}],"wp:attachment":[{"href":"https:\/\/www.branas.se\/da\/wp-json\/wp\/v2\/media?parent=13585"}],"curies":[{"name":"wp","href":"https:\/\/api.w.org\/{rel}","templated":true}]}}